{"id":5064,"date":"2023-08-23T16:39:56","date_gmt":"2023-08-23T14:39:56","guid":{"rendered":"https:\/\/rantakyla.com\/derechos-del-inquilino\/"},"modified":"2024-08-28T18:16:45","modified_gmt":"2024-08-28T16:16:45","slug":"derechos-del-inquilino","status":"publish","type":"page","link":"https:\/\/rantakyla.com\/es\/derechos-del-inquilino\/","title":{"rendered":"Derechos del inquilino"},"content":{"rendered":"\t\t<div data-elementor-type=\"wp-page\" data-elementor-id=\"5064\" class=\"elementor elementor-5064 elementor-657\" data-elementor-post-type=\"page\">\n\t\t\t\t\t\t<section class=\"elementor-section elementor-top-section elementor-element elementor-element-7aa82fd7 elementor-section-height-min-height elementor-reverse-mobile elementor-section-boxed elementor-section-height-default elementor-section-items-middle\" data-id=\"7aa82fd7\" data-element_type=\"section\" data-settings=\"{&quot;background_background&quot;:&quot;classic&quot;}\">\n\t\t\t\t\t\t\t<div class=\"elementor-background-overlay\"><\/div>\n\t\t\t\t\t\t\t<div class=\"elementor-container elementor-column-gap-default\">\n\t\t\t\t\t<div class=\"elementor-column elementor-col-50 elementor-top-column elementor-element elementor-element-128e98b4\" data-id=\"128e98b4\" data-element_type=\"column\" data-settings=\"{&quot;background_background&quot;:&quot;classic&quot;}\">\n\t\t\t<div class=\"elementor-widget-wrap elementor-element-populated\">\n\t\t\t\t\t\t<div class=\"elementor-element elementor-element-1457e67 elementor-widget elementor-widget-heading\" data-id=\"1457e67\" data-element_type=\"widget\" data-widget_type=\"heading.default\">\n\t\t\t\t<div class=\"elementor-widget-container\">\n\t\t\t\t\t<h1 class=\"elementor-heading-title elementor-size-default\">Derechos del inquilino<\/h1>\t\t\t\t<\/div>\n\t\t\t\t<\/div>\n\t\t\t\t<div class=\"elementor-element elementor-element-4710f1a8 elementor-widget elementor-widget-text-editor\" data-id=\"4710f1a8\" data-element_type=\"widget\" data-widget_type=\"text-editor.default\">\n\t\t\t\t<div class=\"elementor-widget-container\">\n\t\t\t\t\t\t\t\t\t<p>Como inquilino, tambi\u00e9n tienes derechos b\u00e1sicos como el derecho a la tranquilidad, el derecho a exigir reparaciones y mantenimiento, la seguridad contractual y la protecci\u00f3n contra el despido.<\/p>\n\t\t\t\t\t\t\t\t<\/div>\n\t\t\t\t<\/div>\n\t\t\t\t\t<\/div>\n\t\t<\/div>\n\t\t\t\t<div class=\"elementor-column elementor-col-50 elementor-top-column elementor-element elementor-element-37468891\" data-id=\"37468891\" data-element_type=\"column\">\n\t\t\t<div class=\"elementor-widget-wrap\">\n\t\t\t\t\t\t\t<\/div>\n\t\t<\/div>\n\t\t\t\t\t<\/div>\n\t\t<\/section>\n\t\t\t\t<section class=\"elementor-section elementor-top-section elementor-element elementor-element-40e09f93 elementor-section-boxed elementor-section-height-default elementor-section-height-default\" data-id=\"40e09f93\" data-element_type=\"section\" data-settings=\"{&quot;background_background&quot;:&quot;gradient&quot;}\">\n\t\t\t\t\t\t<div class=\"elementor-container elementor-column-gap-wide\">\n\t\t\t\t\t<div class=\"elementor-column elementor-col-100 elementor-top-column elementor-element elementor-element-481441e5 elementor-invisible\" data-id=\"481441e5\" data-element_type=\"column\" data-settings=\"{&quot;animation&quot;:&quot;fadeInUp&quot;}\">\n\t\t\t<div class=\"elementor-widget-wrap elementor-element-populated\">\n\t\t\t\t\t\t<div class=\"elementor-element elementor-element-b8b99ae elementor-widget elementor-widget-heading\" data-id=\"b8b99ae\" data-element_type=\"widget\" data-widget_type=\"heading.default\">\n\t\t\t\t<div class=\"elementor-widget-container\">\n\t\t\t\t\t<h2 class=\"elementor-heading-title elementor-size-default\">Conozca sus derechos<\/h2>\t\t\t\t<\/div>\n\t\t\t\t<\/div>\n\t\t\t\t<div class=\"elementor-element elementor-element-571094ff elementor-widget elementor-widget-text-editor\" data-id=\"571094ff\" data-element_type=\"widget\" data-widget_type=\"text-editor.default\">\n\t\t\t\t<div class=\"elementor-widget-container\">\n\t\t\t\t\t\t\t\t\t<p><strong>Derecho a la tranquilidad<\/strong>. El inquilino tiene derecho a disfrutar de su vivienda alquilada en paz y tranquilidad.<br \/>El inquilino tiene derecho a una vida normal en la vivienda alquilada. La empresa gestora no puede imponer normas de orden contrarias a la legislaci\u00f3n espa\u00f1ola o que restrinjan excesivamente la vida normal. El propietario del apartamento \/ Grupo Beach Village s\u00f3lo podr\u00e1 entrar en el apartamento en <em><strong>algunos casos excepcionales<\/strong><\/em>, por ejemplo para supervisar reparaciones o para mostrar el apartamento a nuevos inquilinos. Esto se acordar\u00e1 previamente con el inquilino.   <\/p>\n<p><strong>Derecho a la tranquilidad dom\u00e9stica<\/strong>. Sus vecinos no deben perturbar su tranquilidad, por ejemplo haciendo ruidos fuertes por la noche. Si su vecino provoca ruidos molestos por la noche, llame inmediatamente a la polic\u00eda local (<em>Policia Local<\/em> <strong>952 66 52 61<\/strong>). No contacte directamente con su vecino si est\u00e1 causando problemas.<br \/>Si su vecino es un alterador del orden p\u00fablico frecuente y grave, comun\u00edquelo a nuestra empresa. Nos pondremos en contacto con el propietario.     <br \/>Tranquilidad tambi\u00e9n significa que, por regla general, usted tiene derecho a decidir qui\u00e9n puede entrar en su casa (tenga en cuenta las restricciones sobre el n\u00famero de personas y animales dom\u00e9sticos en su casa).<\/p>\n\t\t\t\t\t\t\t\t<\/div>\n\t\t\t\t<\/div>\n\t\t\t\t<div class=\"elementor-element elementor-element-bf5a3fa elementor-widget elementor-widget-text-editor\" data-id=\"bf5a3fa\" data-element_type=\"widget\" data-widget_type=\"text-editor.default\">\n\t\t\t\t<div class=\"elementor-widget-container\">\n\t\t\t\t\t\t\t\t\t<p><strong>Solicitudes de reparaci\u00f3n y mantenimiento.<\/strong> El inquilino tiene derecho a pedir a la empresa de gesti\u00f3n de la propiedad que lleve a cabo las reparaciones y el mantenimiento necesarios. El inquilino tiene derecho a que se le notifiquen las reparaciones con antelaci\u00f3n. <\/p>\n<p><strong>Protecci\u00f3n de bienes.<\/strong> El inquilino tiene derecho a la devoluci\u00f3n de la fianza al final del periodo de alquiler acordado (30 d\u00edas despu\u00e9s de la finalizaci\u00f3n del contrato, seg\u00fan la legislaci\u00f3n espa\u00f1ola, si se han recibido del propietario todas las facturas de electricidad y agua correspondientes al periodo de alquiler), si el inquilino ha cumplido los t\u00e9rminos del contrato y ha dejado la vivienda alquilada en las condiciones de limpieza y buen estado acordadas.<\/p>\n<p><strong>Protecci\u00f3n contra el desalojo.<\/strong> El inquilino tiene derecho al plazo de preaviso estipulado en el contrato de alquiler\/ley espa\u00f1ola de alquiler o de vivienda vacacional.<\/p>\n<p><strong>Seguridad contractual.<\/strong> El inquilino tiene derecho a cumplir las condiciones del contrato. El arrendador no puede rescindir el contrato sin una raz\u00f3n v\u00e1lida y sin avisar con suficiente antelaci\u00f3n. El inquilino tiene derecho a que se le notifique por escrito y con antelaci\u00f3n si el alquiler aumenta. La notificaci\u00f3n debe indicar cu\u00e1nto y cu\u00e1ndo aumentar\u00e1 el alquiler y el motivo del aumento. Sin embargo, si las condiciones y el calendario del aumento del alquiler est\u00e1n establecidos en el contrato, el propietario puede aumentar el alquiler en virtud del contrato sin previo aviso.    <\/p>\n\t\t\t\t\t\t\t\t<\/div>\n\t\t\t\t<\/div>\n\t\t\t\t\t<\/div>\n\t\t<\/div>\n\t\t\t\t\t<\/div>\n\t\t<\/section>\n\t\t\t\t<section class=\"elementor-section elementor-top-section elementor-element elementor-element-60ff1ef2 elementor-section-boxed elementor-section-height-default elementor-section-height-default\" data-id=\"60ff1ef2\" data-element_type=\"section\" data-settings=\"{&quot;background_background&quot;:&quot;classic&quot;}\">\n\t\t\t\t\t\t\t<div class=\"elementor-background-overlay\"><\/div>\n\t\t\t\t\t\t\t<div class=\"elementor-container elementor-column-gap-default\">\n\t\t\t\t\t<div class=\"elementor-column elementor-col-50 elementor-top-column elementor-element elementor-element-56170228 elementor-invisible\" data-id=\"56170228\" data-element_type=\"column\" data-settings=\"{&quot;animation&quot;:&quot;fadeInUp&quot;,&quot;background_background&quot;:&quot;classic&quot;}\">\n\t\t\t<div class=\"elementor-widget-wrap elementor-element-populated\">\n\t\t\t\t\t\t<div class=\"elementor-element elementor-element-79afd51 elementor-widget elementor-widget-heading\" data-id=\"79afd51\" data-element_type=\"widget\" data-widget_type=\"heading.default\">\n\t\t\t\t<div class=\"elementor-widget-container\">\n\t\t\t\t\t<h2 class=\"elementor-heading-title elementor-size-default\">Responsabilidad del arrendatario<\/h2>\t\t\t\t<\/div>\n\t\t\t\t<\/div>\n\t\t\t\t<div class=\"elementor-element elementor-element-23ca4948 elementor-widget elementor-widget-text-editor\" data-id=\"23ca4948\" data-element_type=\"widget\" data-widget_type=\"text-editor.default\">\n\t\t\t\t<div class=\"elementor-widget-container\">\n\t\t\t\t\t\t\t\t\t<p>El inquilino no es responsable del desgaste normal. Sin embargo, el inquilino es responsable econ\u00f3micamente de los da\u00f1os autoinfligidos. <\/p>\n<p>Al evaluar la responsabilidad por da\u00f1os, se tiene en cuenta si el arrendatario podr\u00eda haber evitado el da\u00f1o actuando con la diligencia debida.<\/p>\n<p>Por desgaste normal se entiende el desgaste normal de una vivienda con el paso del tiempo y las huellas de la vida normal.<\/p>\n<p>Las marcas y ara\u00f1azos superficiales de poca importancia no tienen que ser sustituidos por el arrendatario. Sin embargo, las abolladuras o marcas grandes causadas, por ejemplo, por la ca\u00edda de objetos al suelo dejan de ser desgaste normal. <\/p>\n\t\t\t\t\t\t\t\t<\/div>\n\t\t\t\t<\/div>\n\t\t\t\t\t<\/div>\n\t\t<\/div>\n\t\t\t\t<div class=\"elementor-column elementor-col-50 elementor-top-column elementor-element elementor-element-4c75f358\" data-id=\"4c75f358\" data-element_type=\"column\">\n\t\t\t<div class=\"elementor-widget-wrap elementor-element-populated\">\n\t\t\t\t\t\t<div class=\"elementor-element elementor-element-3e70816e elementor-widget elementor-widget-image\" data-id=\"3e70816e\" data-element_type=\"widget\" data-widget_type=\"image.default\">\n\t\t\t\t<div class=\"elementor-widget-container\">\n\t\t\t\t\t\t\t\t\t\t\t\t\t\t\t<img fetchpriority=\"high\" decoding=\"async\" width=\"800\" height=\"800\" src=\"https:\/\/rantakyla.com\/wp-content\/uploads\/2023\/10\/woman-1-1024x1024.png\" class=\"attachment-large size-large wp-image-3624\" alt=\"woman\" srcset=\"https:\/\/rantakyla.com\/wp-content\/uploads\/2023\/10\/woman-1-1024x1024.png 1024w, https:\/\/rantakyla.com\/wp-content\/uploads\/2023\/10\/woman-1-300x300.png 300w, https:\/\/rantakyla.com\/wp-content\/uploads\/2023\/10\/woman-1-150x150.png 150w, https:\/\/rantakyla.com\/wp-content\/uploads\/2023\/10\/woman-1-768x768.png 768w, https:\/\/rantakyla.com\/wp-content\/uploads\/2023\/10\/woman-1.png 1080w\" sizes=\"(max-width: 800px) 100vw, 800px\" \/>\t\t\t\t\t\t\t\t\t\t\t\t\t\t\t<\/div>\n\t\t\t\t<\/div>\n\t\t\t\t\t<\/div>\n\t\t<\/div>\n\t\t\t\t\t<\/div>\n\t\t<\/section>\n\t\t\t\t<\/div>\n\t\t","protected":false},"excerpt":{"rendered":"<p>Derechos del inquilino Como inquilino, tambi\u00e9n tienes derechos b\u00e1sicos como el derecho a la tranquilidad, el derecho a exigir reparaciones y mantenimiento, la seguridad contractual y la protecci\u00f3n contra el despido. Conozca sus derechos Derecho a la tranquilidad. El inquilino tiene derecho a disfrutar de su vivienda alquilada en paz y tranquilidad.El inquilino tiene derecho [&hellip;]<\/p>\n","protected":false},"author":1,"featured_media":0,"parent":0,"menu_order":0,"comment_status":"closed","ping_status":"closed","template":"","meta":{"footnotes":""},"class_list":["post-5064","page","type-page","status-publish","hentry"],"yoast_head":"<!-- This site is optimized with the Yoast SEO plugin v27.5 - https:\/\/yoast.com\/product\/yoast-seo-wordpress\/ -->\n<title>Derechos del inquilino - Rantakyla<\/title>\n<meta name=\"description\" content=\"Como inquilino, tambi\u00e9n tienes derechos b\u00e1sicos como el derecho a la tranquilidad, el derecho a exigir reparaciones y mantenimiento...\" \/>\n<meta name=\"robots\" content=\"index, follow, max-snippet:-1, max-image-preview:large, max-video-preview:-1\" \/>\n<link rel=\"canonical\" href=\"https:\/\/rantakyla.com\/es\/derechos-del-inquilino\/\" \/>\n<meta property=\"og:locale\" content=\"es_ES\" \/>\n<meta property=\"og:type\" content=\"article\" \/>\n<meta property=\"og:title\" content=\"Derechos del inquilino - Rantakyla\" \/>\n<meta property=\"og:description\" content=\"Como inquilino, tambi\u00e9n tienes derechos b\u00e1sicos como el derecho a la tranquilidad, el derecho a exigir reparaciones y mantenimiento...\" \/>\n<meta property=\"og:url\" content=\"https:\/\/rantakyla.com\/es\/derechos-del-inquilino\/\" \/>\n<meta property=\"og:site_name\" content=\"Rantakyla\" \/>\n<meta property=\"article:publisher\" content=\"https:\/\/www.facebook.com\/RantakylaGroup\/\" \/>\n<meta property=\"article:modified_time\" content=\"2024-08-28T16:16:45+00:00\" \/>\n<meta property=\"og:image\" content=\"https:\/\/rantakyla.com\/wp-content\/uploads\/2023\/10\/woman-1-1024x1024.png\" \/>\n<meta name=\"twitter:card\" content=\"summary_large_image\" \/>\n<meta name=\"twitter:label1\" content=\"Tiempo de lectura\" \/>\n\t<meta name=\"twitter:data1\" content=\"3 minutos\" \/>\n<script type=\"application\/ld+json\" class=\"yoast-schema-graph\">{\"@context\":\"https:\\\/\\\/schema.org\",\"@graph\":[{\"@type\":\"WebPage\",\"@id\":\"https:\\\/\\\/rantakyla.com\\\/es\\\/derechos-del-inquilino\\\/\",\"url\":\"https:\\\/\\\/rantakyla.com\\\/es\\\/derechos-del-inquilino\\\/\",\"name\":\"Derechos del inquilino - Rantakyla\",\"isPartOf\":{\"@id\":\"https:\\\/\\\/rantakyla.com\\\/#website\"},\"primaryImageOfPage\":{\"@id\":\"https:\\\/\\\/rantakyla.com\\\/es\\\/derechos-del-inquilino\\\/#primaryimage\"},\"image\":{\"@id\":\"https:\\\/\\\/rantakyla.com\\\/es\\\/derechos-del-inquilino\\\/#primaryimage\"},\"thumbnailUrl\":\"https:\\\/\\\/rantakyla.com\\\/wp-content\\\/uploads\\\/2023\\\/10\\\/woman-1-1024x1024.png\",\"datePublished\":\"2023-08-23T14:39:56+00:00\",\"dateModified\":\"2024-08-28T16:16:45+00:00\",\"description\":\"Como inquilino, tambi\u00e9n tienes derechos b\u00e1sicos como el derecho a la tranquilidad, el derecho a exigir reparaciones y mantenimiento...\",\"breadcrumb\":{\"@id\":\"https:\\\/\\\/rantakyla.com\\\/es\\\/derechos-del-inquilino\\\/#breadcrumb\"},\"inLanguage\":\"es\",\"potentialAction\":[{\"@type\":\"ReadAction\",\"target\":[\"https:\\\/\\\/rantakyla.com\\\/es\\\/derechos-del-inquilino\\\/\"]}]},{\"@type\":\"ImageObject\",\"inLanguage\":\"es\",\"@id\":\"https:\\\/\\\/rantakyla.com\\\/es\\\/derechos-del-inquilino\\\/#primaryimage\",\"url\":\"https:\\\/\\\/rantakyla.com\\\/wp-content\\\/uploads\\\/2023\\\/10\\\/woman-1-1024x1024.png\",\"contentUrl\":\"https:\\\/\\\/rantakyla.com\\\/wp-content\\\/uploads\\\/2023\\\/10\\\/woman-1-1024x1024.png\"},{\"@type\":\"BreadcrumbList\",\"@id\":\"https:\\\/\\\/rantakyla.com\\\/es\\\/derechos-del-inquilino\\\/#breadcrumb\",\"itemListElement\":[{\"@type\":\"ListItem\",\"position\":1,\"name\":\"Portada\",\"item\":\"https:\\\/\\\/rantakyla.com\\\/\"},{\"@type\":\"ListItem\",\"position\":2,\"name\":\"Derechos del inquilino\"}]},{\"@type\":\"WebSite\",\"@id\":\"https:\\\/\\\/rantakyla.com\\\/#website\",\"url\":\"https:\\\/\\\/rantakyla.com\\\/\",\"name\":\"Rantakyla Group\",\"description\":\"Vuokra-asunnot Espanja\",\"publisher\":{\"@id\":\"https:\\\/\\\/rantakyla.com\\\/#organization\"},\"potentialAction\":[{\"@type\":\"SearchAction\",\"target\":{\"@type\":\"EntryPoint\",\"urlTemplate\":\"https:\\\/\\\/rantakyla.com\\\/?s={search_term_string}\"},\"query-input\":{\"@type\":\"PropertyValueSpecification\",\"valueRequired\":true,\"valueName\":\"search_term_string\"}}],\"inLanguage\":\"es\"},{\"@type\":\"Organization\",\"@id\":\"https:\\\/\\\/rantakyla.com\\\/#organization\",\"name\":\"Rantakyla Group\",\"url\":\"https:\\\/\\\/rantakyla.com\\\/\",\"logo\":{\"@type\":\"ImageObject\",\"inLanguage\":\"es\",\"@id\":\"https:\\\/\\\/rantakyla.com\\\/#\\\/schema\\\/logo\\\/image\\\/\",\"url\":\"https:\\\/\\\/rantakyla.com\\\/wp-content\\\/uploads\\\/2023\\\/03\\\/rantakyla-logo-azul.png\",\"contentUrl\":\"https:\\\/\\\/rantakyla.com\\\/wp-content\\\/uploads\\\/2023\\\/03\\\/rantakyla-logo-azul.png\",\"width\":974,\"height\":547,\"caption\":\"Rantakyla Group\"},\"image\":{\"@id\":\"https:\\\/\\\/rantakyla.com\\\/#\\\/schema\\\/logo\\\/image\\\/\"},\"sameAs\":[\"https:\\\/\\\/www.facebook.com\\\/RantakylaGroup\\\/\"]}]}<\/script>\n<!-- \/ Yoast SEO plugin. -->","yoast_head_json":{"title":"Derechos del inquilino - Rantakyla","description":"Como inquilino, tambi\u00e9n tienes derechos b\u00e1sicos como el derecho a la tranquilidad, el derecho a exigir reparaciones y mantenimiento...","robots":{"index":"index","follow":"follow","max-snippet":"max-snippet:-1","max-image-preview":"max-image-preview:large","max-video-preview":"max-video-preview:-1"},"canonical":"https:\/\/rantakyla.com\/es\/derechos-del-inquilino\/","og_locale":"es_ES","og_type":"article","og_title":"Derechos del inquilino - Rantakyla","og_description":"Como inquilino, tambi\u00e9n tienes derechos b\u00e1sicos como el derecho a la tranquilidad, el derecho a exigir reparaciones y mantenimiento...","og_url":"https:\/\/rantakyla.com\/es\/derechos-del-inquilino\/","og_site_name":"Rantakyla","article_publisher":"https:\/\/www.facebook.com\/RantakylaGroup\/","article_modified_time":"2024-08-28T16:16:45+00:00","og_image":[{"url":"https:\/\/rantakyla.com\/wp-content\/uploads\/2023\/10\/woman-1-1024x1024.png","type":"","width":"","height":""}],"twitter_card":"summary_large_image","twitter_misc":{"Tiempo de lectura":"3 minutos"},"schema":{"@context":"https:\/\/schema.org","@graph":[{"@type":"WebPage","@id":"https:\/\/rantakyla.com\/es\/derechos-del-inquilino\/","url":"https:\/\/rantakyla.com\/es\/derechos-del-inquilino\/","name":"Derechos del inquilino - Rantakyla","isPartOf":{"@id":"https:\/\/rantakyla.com\/#website"},"primaryImageOfPage":{"@id":"https:\/\/rantakyla.com\/es\/derechos-del-inquilino\/#primaryimage"},"image":{"@id":"https:\/\/rantakyla.com\/es\/derechos-del-inquilino\/#primaryimage"},"thumbnailUrl":"https:\/\/rantakyla.com\/wp-content\/uploads\/2023\/10\/woman-1-1024x1024.png","datePublished":"2023-08-23T14:39:56+00:00","dateModified":"2024-08-28T16:16:45+00:00","description":"Como inquilino, tambi\u00e9n tienes derechos b\u00e1sicos como el derecho a la tranquilidad, el derecho a exigir reparaciones y mantenimiento...","breadcrumb":{"@id":"https:\/\/rantakyla.com\/es\/derechos-del-inquilino\/#breadcrumb"},"inLanguage":"es","potentialAction":[{"@type":"ReadAction","target":["https:\/\/rantakyla.com\/es\/derechos-del-inquilino\/"]}]},{"@type":"ImageObject","inLanguage":"es","@id":"https:\/\/rantakyla.com\/es\/derechos-del-inquilino\/#primaryimage","url":"https:\/\/rantakyla.com\/wp-content\/uploads\/2023\/10\/woman-1-1024x1024.png","contentUrl":"https:\/\/rantakyla.com\/wp-content\/uploads\/2023\/10\/woman-1-1024x1024.png"},{"@type":"BreadcrumbList","@id":"https:\/\/rantakyla.com\/es\/derechos-del-inquilino\/#breadcrumb","itemListElement":[{"@type":"ListItem","position":1,"name":"Portada","item":"https:\/\/rantakyla.com\/"},{"@type":"ListItem","position":2,"name":"Derechos del inquilino"}]},{"@type":"WebSite","@id":"https:\/\/rantakyla.com\/#website","url":"https:\/\/rantakyla.com\/","name":"Rantakyla Group","description":"Vuokra-asunnot Espanja","publisher":{"@id":"https:\/\/rantakyla.com\/#organization"},"potentialAction":[{"@type":"SearchAction","target":{"@type":"EntryPoint","urlTemplate":"https:\/\/rantakyla.com\/?s={search_term_string}"},"query-input":{"@type":"PropertyValueSpecification","valueRequired":true,"valueName":"search_term_string"}}],"inLanguage":"es"},{"@type":"Organization","@id":"https:\/\/rantakyla.com\/#organization","name":"Rantakyla Group","url":"https:\/\/rantakyla.com\/","logo":{"@type":"ImageObject","inLanguage":"es","@id":"https:\/\/rantakyla.com\/#\/schema\/logo\/image\/","url":"https:\/\/rantakyla.com\/wp-content\/uploads\/2023\/03\/rantakyla-logo-azul.png","contentUrl":"https:\/\/rantakyla.com\/wp-content\/uploads\/2023\/03\/rantakyla-logo-azul.png","width":974,"height":547,"caption":"Rantakyla Group"},"image":{"@id":"https:\/\/rantakyla.com\/#\/schema\/logo\/image\/"},"sameAs":["https:\/\/www.facebook.com\/RantakylaGroup\/"]}]}},"_links":{"self":[{"href":"https:\/\/rantakyla.com\/es\/wp-json\/wp\/v2\/pages\/5064","targetHints":{"allow":["GET"]}}],"collection":[{"href":"https:\/\/rantakyla.com\/es\/wp-json\/wp\/v2\/pages"}],"about":[{"href":"https:\/\/rantakyla.com\/es\/wp-json\/wp\/v2\/types\/page"}],"author":[{"embeddable":true,"href":"https:\/\/rantakyla.com\/es\/wp-json\/wp\/v2\/users\/1"}],"replies":[{"embeddable":true,"href":"https:\/\/rantakyla.com\/es\/wp-json\/wp\/v2\/comments?post=5064"}],"version-history":[{"count":2,"href":"https:\/\/rantakyla.com\/es\/wp-json\/wp\/v2\/pages\/5064\/revisions"}],"predecessor-version":[{"id":5067,"href":"https:\/\/rantakyla.com\/es\/wp-json\/wp\/v2\/pages\/5064\/revisions\/5067"}],"wp:attachment":[{"href":"https:\/\/rantakyla.com\/es\/wp-json\/wp\/v2\/media?parent=5064"}],"curies":[{"name":"wp","href":"https:\/\/api.w.org\/{rel}","templated":true}]}}